{"id":396,"date":"2021-01-22T09:30:27","date_gmt":"2021-01-22T09:30:27","guid":{"rendered":"http:\/\/zss3bytom.pl\/?page_id=396"},"modified":"2021-01-22T09:56:44","modified_gmt":"2021-01-22T09:56:44","slug":"rodo","status":"publish","type":"page","link":"https:\/\/zss3bytom.pl\/index.php\/rodo\/","title":{"rendered":"Rodo"},"content":{"rendered":"\t\t<div data-elementor-type=\"wp-page\" data-elementor-id=\"396\" class=\"elementor elementor-396\" data-elementor-settings=\"[]\">\n\t\t\t\t\t\t<div class=\"elementor-inner\">\n\t\t\t\t\t\t\t<div class=\"elementor-section-wrap\">\n\t\t\t\t\t\t\t<section class=\"elementor-section elementor-top-section elementor-element elementor-element-f7aa0aa elementor-section-boxed elementor-section-height-default elementor-section-height-default\" data-id=\"f7aa0aa\" data-element_type=\"section\">\n\t\t\t\t\t\t<div class=\"elementor-container elementor-column-gap-default\">\n\t\t\t\t\t\t\t<div class=\"elementor-row\">\n\t\t\t\t\t<div class=\"elementor-column elementor-col-100 elementor-top-column elementor-element elementor-element-7b696ee5\" data-id=\"7b696ee5\" data-element_type=\"column\">\n\t\t\t<div class=\"elementor-column-wrap elementor-element-populated\">\n\t\t\t\t\t\t\t<div class=\"elementor-widget-wrap\">\n\t\t\t\t\t\t<div class=\"elementor-element elementor-element-e7b6d27 elementor-widget elementor-widget-text-editor\" data-id=\"e7b6d27\" data-element_type=\"widget\" data-widget_type=\"text-editor.default\">\n\t\t\t\t<div class=\"elementor-widget-container\">\n\t\t\t\t\t\t\t\t<div class=\"elementor-text-editor elementor-clearfix\">\n\t\t\t\t<!-- wp:paragraph -->\n<p>.<\/p>\n<!-- \/wp:paragraph -->\t\t\t\t\t<\/div>\n\t\t\t\t\t\t<\/div>\n\t\t\t\t<\/div>\n\t\t\t\t\t\t<\/div>\n\t\t\t\t\t<\/div>\n\t\t<\/div>\n\t\t\t\t\t\t\t\t<\/div>\n\t\t\t\t\t<\/div>\n\t\t<\/section>\n\t\t\t\t<section class=\"elementor-section elementor-top-section elementor-element elementor-element-a393f7a elementor-section-boxed elementor-section-height-default elementor-section-height-default\" data-id=\"a393f7a\" data-element_type=\"section\">\n\t\t\t\t\t\t<div class=\"elementor-container elementor-column-gap-default\">\n\t\t\t\t\t\t\t<div class=\"elementor-row\">\n\t\t\t\t\t<div class=\"elementor-column elementor-col-100 elementor-top-column elementor-element elementor-element-93afd91\" data-id=\"93afd91\" data-element_type=\"column\">\n\t\t\t<div class=\"elementor-column-wrap elementor-element-populated\">\n\t\t\t\t\t\t\t<div class=\"elementor-widget-wrap\">\n\t\t\t\t\t\t<div class=\"elementor-element elementor-element-482946f elementor-widget elementor-widget-text-editor\" data-id=\"482946f\" data-element_type=\"widget\" data-widget_type=\"text-editor.default\">\n\t\t\t\t<div class=\"elementor-widget-container\">\n\t\t\t\t\t\t\t\t<div class=\"elementor-text-editor elementor-clearfix\">\n\t\t\t\t<p><strong>Klauzula informacyjna\u00a0\u2013 monitoring wizyjny\u00a0\u00a0\u00a0\u00a0\u00a0\u00a0\u00a0\u00a0\u00a0\u00a0\u00a0\u00a0\u00a0\u00a0\u00a0\u00a0\u00a0\u00a0\u00a0\u00a0\u00a0\u00a0\u00a0\u00a0\u00a0\u00a0\u00a0\u00a0\u00a0\u00a0\u00a0\u00a0\u00a0\u00a0\u00a0\u00a0\u00a0\u00a0\u00a0\u00a0\u00a0\u00a0\u00a0\u00a0\u00a0\u00a0\u00a0\u00a0\u00a0\u00a0\u00a0\u00a0\u00a0\u00a0\u00a0\u00a0\u00a0\u00a0\u00a0\u00a0\u00a0\u00a0\u00a0\u00a0\u00a0\u00a0\u00a0\u00a0\u00a0\u00a0\u00a0\u00a0\u00a0\u00a0\u00a0\u00a0\u00a0\u00a0\u00a0\u00a0\u00a0\u00a0\u00a0\u00a0\u00a0\u00a0 \u00a0\u2013<br \/>w\u00a0Zespole Szk\u00f3\u0142 Specjalnych nr 3 w Bytomiu <\/strong><\/p>\n<p>\u00a0<\/p>\n<p>\u00a0\u00a0\u00a0 Zgodnie z art. 13 Rozporz\u0105dzenia Parlamentu Europejskiego i Rady (UE. 2016\/679 z\u00a0dnia 27\u00a0kwietnia 2016 roku w sprawie ochrony os\u00f3b fizycznych w zwi\u0105zku z przetwarzaniem danych osobowych i w sprawie swobodnego przep\u0142ywu takich danych oraz uchylenia dyrektywy 95\/46\/WE), \u00a0informujemy, \u017ce:<\/p>\n<p>Administratorem danych osobowych przetwarzanych w zwi\u0105zku z funkcjonowaniem systemu monitoringu jest Zesp\u00f3\u0142 Szk\u00f3\u0142 Specjalnych nr 3 w Bytomiu przy ul. Konstytucji 20-22 ,\u00a0\u00a0\u00a0\u00a0\u00a0\u00a0\u00a0\u00a0\u00a0\u00a0\u00a0\u00a0\u00a0\u00a0\u00a0\u00a0\u00a0\u00a0\u00a0\u00a0 e-mail: zss3bytom@gmail.com,\u00a0numer telefonu: 32\u00a0387\u00a059 37<\/p>\n<p>Dane kontaktowe inspektora:<\/p>\n<p>Inspektor IOD<strong>\u00a0<\/strong>Urz\u0105d Miejski w Bytomiu ul. Smolenia 35, mail: iod_edu@um.bytom.pl<\/p>\n<ol>\n<li>Dane osobowe s\u0105 przetwarzane na podstawie art. 6 ust. 1 lit. e RODO wykonanie zadania realizowanego w interesie publicznym przez Administratora w celu zapewnienia bezpiecze\u0144stwa uczniom i pracownikom oraz ochrony mienia na podstawie art. 108a ustawy z\u00a0dnia 14 grudnia 2016 roku Prawo o\u015bwiatowe;<\/li>\n<\/ol>\n<ol>\n<li>Odbiorcami danych osobowych rejestrowanych przez system monitoringu b\u0119d\u0105 wy\u0142\u0105cznie organy publiczne w ramach konkretnego post\u0119powania prowadzonego na podstawie przepis\u00f3w prawa (np. policja, prokuratura, s\u0105d).<\/li>\n<\/ol>\n<ol>\n<li>Dane osobowe pozyskane z monitoringu b\u0119d\u0105 przetwarzane i przechowywane w okresie do\u00a030 dni. Okres przechowywania mo\u017ce zosta\u0107 przed\u0142u\u017cony do czasu zako\u0144czenia czynno\u015bci lub post\u0119powania, w kt\u00f3rym nagranie stanowi dow\u00f3d w sprawie, jednak\u017ce nie d\u0142u\u017cej ni\u017c do czasu wyja\u015bnienia sprawy albo zako\u0144czenia odpowiednich post\u0119powa\u0144;<\/li>\n<\/ol>\n<ol>\n<li>Kamery wizyjne obejmuj\u0105 nast\u0119puj\u0105ce obszary: teren wok\u00f3\u0142 budynku szko\u0142y (wej\u015bcie g\u0142\u00f3wne, boisko, parking), a tak\u017ce teren wewn\u0105trz szko\u0142y (hol, korytarze);<\/li>\n<\/ol>\n<ol>\n<li>Osoba kt\u00f3rej dane dotycz\u0105 ma prawo dost\u0119pu do tre\u015bci swoich danych oraz prawo do ich sprostowania, do \u017c\u0105dania usuni\u0119cia danych oraz ograniczenia przetwarzania, prawo do wniesienia sprzeciwu wobec przetwarzania, oraz prawo do wniesienia skargi do organu nadzorczego \u2013 Prezesa Urz\u0119du Ochrony Danych Osobowych, ul. Stawki 2, 00-193 Warszawa, gdy uzna, i\u017c przetwarzanie danych osobowych jego dotycz\u0105cych narusza przepisy og\u00f3lnego rozporz\u0105dzenia o ochronie danych osobowych z dnia 27 kwietnia 2016r. (UE 2016\/679);<\/li>\n<li>Dane osobowe nie b\u0119d\u0105 podlega\u0107 decyzji, kt\u00f3ra opiera si\u0119 na zautomatyzowanym przetwarzaniu, w tym profilowaniu;<\/li>\n<li>Dane nie b\u0119d\u0105 przekazywane do pa\u0144stwa trzeciego ani organizacji mi\u0119dzynarodowej.<\/li>\n<\/ol>\n<p>\u00a0<\/p>\n<p><strong>KLAUZULA INFORMACYJNA<\/strong><br \/><strong>DLA KONTRAHENT\u00d3W, PARTNER\u00d3W, DOSTAWC\u00d3W, WYKONAWC\u00d3W<\/strong><\/p>\n<p>Administratorem danych osobowych jest Zesp\u00f3\u0142 Szk\u00f3l Specjalnych nr 3 z siedzib\u0105 w Bytomiu, przy ul. Konstytucji 20-22<\/p>\n<p>Dane kontaktowe Inspektora Ochrony Danych Osobowych:<br \/>adres: Urz\u0105d Miejski w Bytom ul. Smolenia 35,<br \/>e-mail iod_edu@um.bytom.pl<\/p>\n<ol>\n<li>Dane osobowe przetwarzane s\u0105 przez Administratora w zwi\u0105zku z realizacj\u0105 zwartej umowy na podstawie art.6 ust. 1 lit. b RODO oraz na podstawie zgody art. 6 ust.1 lit. a RODO inne dane, w tym dane\u00a0\u00a0\u00a0\u00a0\u00a0\u00a0\u00a0\u00a0\u00a0\u00a0\u00a0\u00a0\u00a0\u00a0\u00a0\u00a0\u00a0\u00a0\u00a0\u00a0\u00a0\u00a0\u00a0\u00a0 \u00a0do kontaktu;<\/li>\n<li>Kategorie odbiorc\u00f3w danych osobowych; podmioty w zwi\u0105zku z uprawnieniem\/obowi\u0105zkiem na podstawie przepis\u00f3w prawa, podmioty przetwarzaj\u0105ce realizuj\u0105ce zadania w imieniu Administratora, podmioty w zwi\u0105zku z realizacj\u0105 zawartych um\u00f3w przez Administratora;<\/li>\n<li>Dane osobowe b\u0119d\u0105 przechowywane przez okres okre\u015blony w umowie, a po zako\u0144czeniu umowy \u2013 do czasu ustania obowi\u0105zk\u00f3w spoczywaj\u0105cych na Administratorze, a wynikaj\u0105cych z bezwzgl\u0119dnie obowi\u0105zuj\u0105cych przepis\u00f3w prawa, w szczeg\u00f3lno\u015bci rachunkowo-podatkowych, (szczeg\u00f3\u0142owe okresy przechowywania poszczeg\u00f3lnych rodzaj\u00f3w dokument\u00f3w reguluje Jednolity Rzeczowy Wykaz Akt);<\/li>\n<li>Osoba, kt\u00f3rej dane dotycz\u0105 ma prawo dost\u0119pu do tre\u015bci swoich danych oraz prawo do ich sprostowania, do \u017c\u0105dania usuni\u0119cia danych oraz ograniczenia przetwarzania danych, prawo do przenoszenia danych, prawo do wniesienia sprzeciwu, oraz prawo do wniesienia skargi do Organu nadzorczego \u2013 Prezesa Urz\u0119du Ochrony Danych Osobowych, ul. Stawki 2, 00-193 Warszawa, gdy uzna, i\u017c przetwarzanie danych osobowych jego dotycz\u0105cych narusza przepisy og\u00f3lnego rozporz\u0105dzenia o ochronie danych osobowych z dnia 27 kwietnia 2016 r. (UE 2016\/679);<\/li>\n<li>Dane osobowe nie b\u0119d\u0105 podlega\u0107 decyzji, kt\u00f3ra opiera si\u0119 na zautomatyzowanym przetwarzaniu, w tym profilowaniu;<\/li>\n<li>Dane nie b\u0119d\u0105 przekazywane do pa\u0144stwa trzeciego ani organizacji mi\u0119dzynarodowej;<\/li>\n<li>Podanie danych osobowych w zakresie niezb\u0119dnym do wykonywania umowy oraz \u00a0wywi\u0105zania si\u0119 Administratora z obowi\u0105zk\u00f3w wynikaj\u0105cych \u00a0z przepis\u00f3w prawa jest warunkiem umownym lub wynikaj\u0105cym\u00a0\u00a0\u00a0\u00a0\u00a0\u00a0\u00a0\u00a0\u00a0\u00a0\u00a0\u00a0\u00a0\u00a0\u00a0\u00a0\u00a0\u00a0\u00a0\u00a0\u00a0\u00a0\u00a0\u00a0\u00a0\u00a0 \u00a0z przepisu prawa. Konsekwencj\u0105 odmowy ich podania b\u0119dzie brak mo\u017cliwo\u015bci wykonywania umowy.<\/li>\n<\/ol>\n<p>\u00a0<\/p>\n<p><strong>KLAUZULA INFORMACYJNA PRACOWNICY<\/strong><\/p>\n<p>Administratorem danych osobowych jest Zesp\u00f3\u0142 Szk\u00f3\u0142 Specjalnych nr 3\u00a0 \u00a0z\u00a0siedzib\u0105\u00a0 w Bytomiu, przy ul.\u00a0Konstytucji 20-22<\/p>\n<p>Dane kontaktowe Inspektora Ochrony Danych Osobowych:<br \/>adres: Urz\u0105d Miejski w Bytom ul. Smolenia 35,\u00a0<br \/>e-mail iod_edu@um.bytom.pl<\/p>\n<ol>\n<li>Dane osobowe s\u0105 przetwarzane przez Administratora<br \/>a) na podstawie art. 6 ust. 1 lit. b RODO w celu wykonania zawartej umowy o prac\u0119,<br \/>\u00a0\u00a0\u00a0 b) w zwi\u0105zku z wype\u0142nieniem obowi\u0105zk\u00f3w na\u0142o\u017conych na Administratora art. 6 ust. 1 lit. c i art. 9 ust. 2 lit. b RODO na podstawie przepis\u00f3w prawa w tym prawa pracy, przepis\u00f3w o ubezpieczeniu spo\u0142ecznym, ubezpieczeniu zdrowotnym, podatkach, wypadkach przy pracy, rachunkowo\u015bci w celu w szczeg\u00f3lno\u015bci: rejestracji czasu pracy i absencji, rozliczenia i wyp\u0142aty wynagrodze\u0144, prowadzenie akt osobowych, zapewnienia wymaganych przepisami prawa uprawnie\u0144 i kwalifikacji, prowadzenie dokumentacji powypadkowej zgodnie z ustaw\u0105 z dnia 26 czerwca 1974 r. Kodeks Pracy i rozporz\u0105dzeniem Ministra Pracy i Polityki Socjalnej w sprawie zakresu prowadzenia przez pracodawc\u00f3w dokumentacji w sprawach zwi\u0105zanych ze stosunkiem pracy oraz sposobu prowadzenia akt osobowych pracownika oraz pozosta\u0142ymi rozporz\u0105dzeniami wykonawczymi,<br \/>\u00a0\u00a0\u00a0 c) na podstawie zgody art. 6 ust.1 lit. a RODO inne dane, w tym do kontaktu.<\/li>\n<li>Kategorie odbiorc\u00f3w danych osobowych: podmioty w zwi\u0105zku z uprawnieniem\/obowi\u0105zkiem na podstawie przepis\u00f3w prawa w szczeg\u00f3lno\u015bci: Urz\u0105d Skarbowy, Zak\u0142ad Ubezpiecze\u0144 Spo\u0142ecznych, Pa\u0144stwowa Inspekcja Pracy, S\u0105dy, Policja, wskazane organizacje zwi\u0105zk\u00f3w zawodowych, banki, podmioty przetwarzaj\u0105ce realizuj\u0105ce zadania w imieniu Administratora, podmioty w zwi\u0105zku z realizacj\u0105 zawartych um\u00f3w przez Administratora;<\/li>\n<li>Dane osobowe b\u0119d\u0105 przetwarzane przez czas zatrudnienia w plac\u00f3wce i przechowywane przez okres 50 lat od ustania stosunku pracy albo w przypadku zatrudnienia po dniu 31 grudnia 2018 r. 10 lat od ko\u0144ca roku kalendarzowego, w kt\u00f3rym zako\u0144czono prac\u0119 i z\u0142o\u017cono raport informacyjny, o kt\u00f3rym mowa w ustawie z dnia 13 pa\u017adziernika 1998 r. o systemie ubezpiecze\u0144 spo\u0142ecznych;<\/li>\n<li>Osoba, kt\u00f3rej dane dotycz\u0105 ma prawo dost\u0119pu do tre\u015bci swoich danych oraz prawo do ich sprostowania, do \u017c\u0105dania usuni\u0119cia danych oraz ograniczenia przetwarzania danych, prawo do przenoszenia danych, prawo do wniesienia sprzeciwu, oraz prawo do wniesienia skargi do Organu nadzorczego \u2013 Prezesa Urz\u0119du Ochrony Danych Osobowych, ul. Stawki 2, 00-193 Warszawa, gdy uzna, i\u017c przetwarzanie danych osobowych jego dotycz\u0105cych narusza przepisy og\u00f3lnego rozporz\u0105dzenia o ochronie danych osobowych z dnia 27 kwietnia 2016 r. (UE 2016\/679);<\/li>\n<li>Przys\u0142uguje prawo mo\u017cliwo\u015bci cofni\u0119cia w dowolnym momencie zgody na przetwarzanie danych osobowych ni\u0105 obj\u0119tych;<\/li>\n<li>Dane osobowe nie b\u0119d\u0105 podlega\u0107 decyzji, kt\u00f3ra opiera si\u0119 na zautomatyzowanym przetwarzaniu, w tym profilowaniu;<\/li>\n<li>Dane nie b\u0119d\u0105 przekazywane do pa\u0144stwa trzeciego ani organizacji mi\u0119dzynarodowej;<\/li>\n<li><br \/>Podawanie danych osobowych jest dobrowolne, jednak\u017ce w celu realizacji zada\u0144 obj\u0119tych przepisami prawa i wynikaj\u0105cych z realizacji umowy niezb\u0119dne. Odmowa podania danych osobowych skutkuje brak mo\u017cliwo\u015bci realizacji stosunku pracy.<\/li>\n<\/ol>\n<p>\u00a0<\/p>\n<p><strong>KLAUZULA INFORMACYJNA REKRUTACJA \u2013 POZOSTALI PRACOWNICY<\/strong><\/p>\n<p>Administratorem danych osobowych jest Zesp\u00f3\u0142 Szk\u00f3\u0142 Specjalnych nr 3 z\u00a0siedzib\u0105 w Bytomiu, przy ul.\u00a0Konstytucji 20-22<\/p>\n<p><br \/>Dane kontaktowe Inspektora Ochrony Danych Osobowych:<br \/>adres: Urz\u0105d Miejski w Bytom ul. Smolenia 35,<br \/>e-mail iod_edu@um.bytom.pl<\/p>\n<ol>\n<li>Dane osobowe s\u0105 przetwarzane przez Administratora:<\/li>\n<li>a) w zwi\u0105zku z podj\u0119ciem dzia\u0142a\u0144 na rzecz osoby, kt\u00f3rej dane dotycz\u0105, przed zawarciem umowy art. 6 ust.1 lit. b RODO w celu przeprowadzenia post\u0119powania rekrutacyjnego w zakresie wskazanym w przepisach prawa pracy \u2013 ustawa z dnia 26 czerwca 1974 r. Kodeks Pracy i Rozporz\u0105dzenie Ministra Pracy i Polityki Spo\u0142ecznej z dnia 28 maja 1996 r. w sprawie zakresu prowadzenia przez pracownik\u00f3w dokumentacji w sprawach zwi\u0105zanych ze stosunkiem pracy oraz sposobu prowadzenia akt osobowych pracownika,<\/li>\n<li><br \/>b) na podstawie zgody art. 6 ust.1 lit. a RODO inne dane, w tym dane do kontaktu,<\/li>\n<li><br \/>c) na podstawie zgody art. 9 ust 2 lit. a RODO w\u00f3wczas, je\u015bli dokumentacja zawiera dane szczeg\u00f3lnych kategorii;<\/li>\n<li><br \/>Kategorie odbiorc\u00f3w danych osobowych; podmioty obs\u0142uguj\u0105ce system informatyczny w plac\u00f3wce;<\/li>\n<li><br \/>Dane osobowe b\u0119d\u0105 przetwarzane do czasu zako\u0144czenia post\u0119powania rekrutacyjnego. W przypadku wyra\u017cenia zgody na wykorzystanie danych dla cel\u00f3w przysz\u0142ej rekrutacji Administrator b\u0119dzie przetwarza\u0107 dane osobowe w okresie 12 miesi\u0119cy po zako\u0144czeniu rekrutacji;<\/li>\n<li><br \/>Osoba, kt\u00f3rej dane dotycz\u0105 ma prawo dost\u0119pu do tre\u015bci swoich danych oraz prawo do ich sprostowania, do \u017c\u0105dania usuni\u0119cia danych oraz ograniczenia przetwarzania danych oraz prawo do wniesienia skargi do Organu nadzorczego \u2013 Prezesa Urz\u0119du Ochrony Danych Osobowych, ul. Stawki 2, 00-193 Warszawa, gdy uzna, i\u017c przetwarzanie danych osobowych jego dotycz\u0105cych narusza przepisy og\u00f3lnego rozporz\u0105dzenia o ochronie danych osobowych z dnia 27 kwietnia 2016 r. (UE 2016\/679);<\/li>\n<li><br \/>Przys\u0142uguje prawo cofni\u0119cia w dowolnym momencie zgody na przetwarzanie danych osobowych;<\/li>\n<li><br \/>Dane osobowe nie b\u0119d\u0105 podlega\u0107 decyzji, kt\u00f3ra opiera si\u0119 na zautomatyzowanym przetwarzaniu, w tym profilowaniu;<\/li>\n<li><br \/>Dane nie b\u0119d\u0105 przekazywane do pa\u0144stwa trzeciego ani organizacji mi\u0119dzynarodowej;<\/li>\n<li><br \/>Podawanie danych osobowych jest dobrowolne, jednak\u017ce w celu realizacji rekrutacji wynikaj\u0105ce z przepisu prawa niezb\u0119dne. Odmowa podania danych osobowych skutkuje niemo\u017cliwo\u015bci\u0105 udzia\u0142u w rekrutacji.<\/li>\n<\/ol>\n<p>\u00a0<\/p>\n<p><strong>KLAUZULA INFORMACYJNA \u2013 POST\u0118POWANIE O UDZIELENIE ZAM\u00d3WIENIA PUBLICZNEGO<\/strong><\/p>\n<p>Administratorem Danych Osobowych<br \/>jest\u00a0 Zesp\u00f3\u0142 Szk\u00f3l Specjalnych nr 3\u00a0 \u00a0 <br \/>41 \u2013 905 Bytom, ul. Konstytucji 20-22<\/p>\n<p>reprezentowany \u00a0przez Dyrektora Szko\u0142y<\/p>\n<p>\u00a0<\/p>\n<p>Dane kontaktowe Inspektora Ochrony Danych Osobowych:<br \/>adres: Urz\u0105d Miejski w Bytom ul. Smolenia 35,<br \/>e-mail <a href=\"mailto:iod_edu@um.bytom.pl\">iod_edu@um.bytom.pl<\/a><\/p>\n<p>\u00a0<\/p>\n<ol>\n<li>Dane osobowe przetwarzane b\u0119d\u0105 w zwi\u0105zku z<br \/>a) wype\u0142nieniem obowi\u0105zku prawnego ci\u0105\u017c\u0105cego na administratorze na podstawie art. 6 ust. 1 lit. c RODO w celu przeprowadzenia post\u0119powania o udzielenie zam\u00f3wienia publicznego \u2013 prowadzonym w trybie post\u0119powania przetargowego\/zapytania ofertowego,<br \/>b) zawarciem umowy na podstawie art. 6 ust. 1 lit. b RODO z wy\u0142onionym przedmiotem;<\/li>\n<li>Kategorie odbiorc\u00f3w danych osobowych: osoby lub podmioty, kt\u00f3rym udost\u0119pniona zostanie dokumentacja post\u0119powania w oparciu o art. 8 oraz art. 96 ust. 3 ustawy z dnia 29 stycznia 2004\u00a0r. \u2013 Prawo zam\u00f3wie\u0144 publicznych, dalej \u201eustawa Pzp\u201d, podmioty w zwi\u0105zku z uprawnieniem\/obowi\u0105zkiem na podstawie przepis\u00f3w prawa, podmioty przetwarzaj\u0105ce realizuj\u0105ce zadania w imieniu Administratora, podmioty w zwi\u0105zku z realizacj\u0105 zawartych um\u00f3w przez Administratora;<\/li>\n<li>Dane osobowe b\u0119d\u0105 przechowywane, zgodnie z art. 97 ust. 1 ustawy Pzp, przez okres 10 lat od dnia zako\u0144czenia post\u0119powania o udzielenie zam\u00f3wienia, a je\u017celi czas trwania umowy przekracza 4 lata, okres przechowywania obejmuje ca\u0142y czas trwania umowy;<\/li>\n<li>Osoba, kt\u00f3rej dane dotycz\u0105 ma prawo dost\u0119pu do tre\u015bci swoich danych oraz prawo do ich sprostowania, do ograniczenia przetwarzania danych osobowych oraz prawo do wniesienia skargi do Organu nadzorczego \u2013 Prezesa Urz\u0119du Ochrony Danych Osobowych, ul. Stawki 2, 00-193 Warszawa, gdy uzna, i\u017c przetwarzanie danych osobowych jego dotycz\u0105cych narusza przepisy og\u00f3lnego rozporz\u0105dzenia o ochronie danych osobowych z dnia 27 kwietnia 2016r.(UE 2016\/679);<\/li>\n<li>Dane osobowe nie b\u0119d\u0105 podlega\u0107 decyzji, kt\u00f3ra opiera si\u0119 na zautomatyzowanym przetwarzaniu, w tym profilowaniu;<\/li>\n<li>Dane nie b\u0119d\u0105 przekazywane do pa\u0144stwa trzeciego ani organizacji mi\u0119dzynarodowej;<\/li>\n<li>Obowi\u0105zek podania dotycz\u0105cych jest wymogiem ustawowym okre\u015blonym w przepisach ustawy Pzp, zwi\u0105zanym \u00a0z udzia\u0142em w post\u0119powaniu o udzielenie zam\u00f3wienia publicznego; konsekwencje niepodania okre\u015blonych danych wynikaj\u0105 z ustawy Pzp.<\/li>\n<\/ol>\n<p>\u00a0<\/p>\n<p><strong>KLAUZULA INFORMACYJNA <\/strong><\/p>\n<p><strong>FUNDUSZ \u015aWIADCZE\u0143 SOCJALNYCH<\/strong><\/p>\n<p>Administratorem danych osobowych jest Zesp\u00f3\u0142 Szk\u00f3\u0142 Specjalnych nr 3 \u00a0z\u00a0siedzib\u0105 w Bytomiu, przy ul.\u00a0Konstytucji 20-22<\/p>\n<p>Dane kontaktowe Inspektora Ochrony Danych Osobowych:<br \/>adres: Urz\u0105d Miejski w Bytom ul. Smolenia 35,<br \/>e-mail iod_edu@um.bytom.pl<\/p>\n<ol>\n<li>Dane osobowe s\u0105 przetwarzane przez Administratora w zwi\u0105zku z wype\u0142nieniem obowi\u0105zku prawnego art. 6 ust. 1 lit. c i art. 9 ust. 2 art. b RODO w celu udzielenia \u015bwiadczenia z Zak\u0142adowego Funduszu \u015awiadcze\u0144 Socjalnych i realizacji przelew\u00f3w z tego tytu\u0142u na podstawie ustawy z dnia 4 marca 1994 r. o zak\u0142adowym funduszu \u015bwiadcze\u0144 socjalnychi Regulaminu Zak\u0142adowego Funduszu \u015awiadcze\u0144 Socjalnych,<br \/>2. Kategorie odbiorc\u00f3w danych osobowych: podmioty w zwi\u0105zku z uprawnieniem\/obowi\u0105zkiem na podstawie przepis\u00f3w prawa w szczeg\u00f3lno\u015bci Urz\u0105d Skarbowy, Zak\u0142ad Ubezpiecze\u0144 Spo\u0142ecznych, Pa\u0144stwowy Inspektor Pracy, banki, podmioty przetwarzaj\u0105ce realizuj\u0105ce zadania w imieniu Administratora;<br \/>3. Dane osobowe b\u0119d\u0105 przetwarzane przez okres niezb\u0119dny do zrealizowania przyznanego \u015bwiadczenia socjalnego z ZF\u015aS, a tak\u017ce przez okres dochodzenia praw i roszcze\u0144 oraz w celach archiwalnych zgodnie z Jednolitym Rzeczowym Wykazem Akt;<br \/>4. Osoba, kt\u00f3rej dane dotycz\u0105 ma prawo dost\u0119pu do tre\u015bci swoich danych oraz prawo do ich sprostowania, do \u017c\u0105dania usuni\u0119cia danych oraz ograniczenia przetwarzania, prawo do przenoszenia danych, prawo do wniesienia sprzeciwu, oraz prawo do wniesienia skargi do Organu nadzorczego \u2013 Prezesa Urz\u0119du Ochrony Danych Osobowych, ul. Stawki 2, 00-193 Warszawa, gdy uzna, i\u017c przetwarzanie danych osobowych jego dotycz\u0105cych narusza przepisy og\u00f3lnego rozporz\u0105dzenia o ochronie danych osobowych z dnia 27 kwietnia 2016 r. (UE 2016\/679);<br \/>5. Dane osobowe nie b\u0119d\u0105 podlega\u0107 decyzji, kt\u00f3ra opiera si\u0119 na zautomatyzowanym przetwarzaniu, w tym profilowaniu;<br \/>6. Dane nie b\u0119d\u0105 przekazywane do pa\u0144stwa trzeciego ani organizacji mi\u0119dzynarodowej;<br \/>7. Podawanie danych osobowych jest dobrowolne, jednak\u017ce w celu przyznania \u015bwiadczenia z ZF\u015aS niezb\u0119dne. Odmowo podania danych osobowych skutkuje brakiem mo\u017cliwo\u015bci przyznania \u015bwiadczenia.<\/li>\n<\/ol>\n<p>\u00a0<\/p>\t\t\t\t\t<\/div>\n\t\t\t\t\t\t<\/div>\n\t\t\t\t<\/div>\n\t\t\t\t\t\t<\/div>\n\t\t\t\t\t<\/div>\n\t\t<\/div>\n\t\t\t\t\t\t\t\t<\/div>\n\t\t\t\t\t<\/div>\n\t\t<\/section>\n\t\t\t\t\t\t<\/div>\n\t\t\t\t\t\t<\/div>\n\t\t\t\t\t<\/div>\n\t\t","protected":false},"excerpt":{"rendered":"<p>. Klauzula informacyjna\u00a0\u2013 monitoring wizyjny\u00a0\u00a0\u00a0\u00a0\u00a0\u00a0\u00a0\u00a0\u00a0\u00a0\u00a0\u00a0\u00a0\u00a0\u00a0\u00a0\u00a0\u00a0\u00a0\u00a0\u00a0\u00a0\u00a0\u00a0\u00a0\u00a0\u00a0\u00a0\u00a0\u00a0\u00a0\u00a0\u00a0\u00a0\u00a0\u00a0\u00a0\u00a0\u00a0\u00a0\u00a0\u00a0\u00a0\u00a0\u00a0\u00a0\u00a0\u00a0\u00a0\u00a0\u00a0\u00a0\u00a0\u00a0\u00a0\u00a0\u00a0\u00a0\u00a0\u00a0\u00a0\u00a0\u00a0\u00a0\u00a0\u00a0\u00a0\u00a0\u00a0\u00a0\u00a0\u00a0\u00a0\u00a0\u00a0\u00a0\u00a0\u00a0\u00a0\u00a0\u00a0\u00a0\u00a0\u00a0\u00a0\u00a0 \u00a0\u2013w\u00a0Zespole Szk\u00f3\u0142 Specjalnych nr 3 w Bytomiu \u00a0 \u00a0\u00a0\u00a0 Zgodnie z art. 13 Rozporz\u0105dzenia Parlamentu<\/p>\n","protected":false},"author":1,"featured_media":0,"parent":0,"menu_order":0,"comment_status":"closed","ping_status":"closed","template":"","meta":{"footnotes":""},"_links":{"self":[{"href":"https:\/\/zss3bytom.pl\/index.php\/wp-json\/wp\/v2\/pages\/396"}],"collection":[{"href":"https:\/\/zss3bytom.pl\/index.php\/wp-json\/wp\/v2\/pages"}],"about":[{"href":"https:\/\/zss3bytom.pl\/index.php\/wp-json\/wp\/v2\/types\/page"}],"author":[{"embeddable":true,"href":"https:\/\/zss3bytom.pl\/index.php\/wp-json\/wp\/v2\/users\/1"}],"replies":[{"embeddable":true,"href":"https:\/\/zss3bytom.pl\/index.php\/wp-json\/wp\/v2\/comments?post=396"}],"version-history":[{"count":7,"href":"https:\/\/zss3bytom.pl\/index.php\/wp-json\/wp\/v2\/pages\/396\/revisions"}],"predecessor-version":[{"id":411,"href":"https:\/\/zss3bytom.pl\/index.php\/wp-json\/wp\/v2\/pages\/396\/revisions\/411"}],"wp:attachment":[{"href":"https:\/\/zss3bytom.pl\/index.php\/wp-json\/wp\/v2\/media?parent=396"}],"curies":[{"name":"wp","href":"https:\/\/api.w.org\/{rel}","templated":true}]}}